{"id":8627,"date":"2020-02-03T13:37:49","date_gmt":"2020-02-03T16:37:49","guid":{"rendered":"http:\/\/lorando.com.br\/fotodecasamento\/?post_type=album&#038;p=8627"},"modified":"2020-02-03T13:39:13","modified_gmt":"2020-02-03T16:39:13","slug":"casamento-de-melissa-e-joao","status":"publish","type":"album","link":"https:\/\/lorando.com.br\/fotodecasamento\/album\/casamento-de-melissa-e-joao\/","title":{"rendered":"Casamento de Melissa e Jo\u00e3o"},"content":{"rendered":"","protected":true},"featured_media":8628,"comment_status":"open","ping_status":"closed","template":"","genre":[22],"class_list":{"0":"post-8627","1":"album","2":"type-album","3":"status-publish","4":"post-password-required","6":"genre-album-de-casamento"},"yoast_head":"<!-- This site is optimized with the Yoast SEO plugin v25.3 - https:\/\/yoast.com\/wordpress\/plugins\/seo\/ -->\n<title>Casamento de Melissa e Jo\u00e3o - Fot\u00f3grafo de Casamento RJ - Lorando Labbe<\/title>\n<meta name=\"description\" content=\"\u00c1lbum de casamento de Melissa e Jo\u00e3o. Fot\u00f3grafo de casamento - Lorando Labbe - Rio de Janeiro\" \/>\n<meta name=\"robots\" content=\"index, follow, max-snippet:-1, max-image-preview:large, max-video-preview:-1\" \/>\n<link rel=\"canonical\" href=\"https:\/\/lorando.com.br\/fotodecasamento\/album\/casamento-de-melissa-e-joao\/\" \/>\n<meta property=\"og:locale\" content=\"pt_BR\" \/>\n<meta property=\"og:type\" content=\"article\" \/>\n<meta property=\"og:title\" content=\"Casamento de Melissa e Jo\u00e3o - Fot\u00f3grafo de Casamento RJ - Lorando Labbe\" \/>\n<meta property=\"og:description\" content=\"\u00c1lbum de casamento de Melissa e Jo\u00e3o. Fot\u00f3grafo de casamento - Lorando Labbe - Rio de Janeiro\" \/>\n<meta property=\"og:url\" content=\"https:\/\/lorando.com.br\/fotodecasamento\/album\/casamento-de-melissa-e-joao\/\" \/>\n<meta property=\"og:site_name\" content=\"Fot\u00f3grafo de Casamento RJ - Lorando Labbe\" \/>\n<meta property=\"article:publisher\" content=\"https:\/\/www.facebook.com\/LorandoLabbe\" \/>\n<meta property=\"article:modified_time\" content=\"2020-02-03T16:39:13+00:00\" \/>\n<meta name=\"twitter:card\" content=\"summary_large_image\" \/>\n<script type=\"application\/ld+json\" class=\"yoast-schema-graph\">{\"@context\":\"https:\/\/schema.org\",\"@graph\":[{\"@type\":\"WebPage\",\"@id\":\"https:\/\/lorando.com.br\/fotodecasamento\/album\/casamento-de-melissa-e-joao\/\",\"url\":\"https:\/\/lorando.com.br\/fotodecasamento\/album\/casamento-de-melissa-e-joao\/\",\"name\":\"Casamento de Melissa e Jo\u00e3o - Fot\u00f3grafo de Casamento RJ - Lorando Labbe\",\"isPartOf\":{\"@id\":\"https:\/\/lorando.com.br\/fotodecasamento\/#website\"},\"datePublished\":\"2020-02-03T16:37:49+00:00\",\"dateModified\":\"2020-02-03T16:39:13+00:00\",\"breadcrumb\":{\"@id\":\"https:\/\/lorando.com.br\/fotodecasamento\/album\/casamento-de-melissa-e-joao\/#breadcrumb\"},\"inLanguage\":\"pt-BR\"},{\"@type\":\"WebSite\",\"@id\":\"https:\/\/lorando.com.br\/fotodecasamento\/#website\",\"url\":\"https:\/\/lorando.com.br\/fotodecasamento\/\",\"name\":\"Fot\u00f3grafo de Casamento RJ - Lorando Labbe\",\"description\":\"S\u00f3 mais um site Lorando Labbe - Fot\u00f3grafo RJ - Websites\",\"publisher\":{\"@id\":\"https:\/\/lorando.com.br\/fotodecasamento\/#organization\"},\"potentialAction\":[{\"@type\":\"SearchAction\",\"target\":{\"@type\":\"EntryPoint\",\"urlTemplate\":\"https:\/\/lorando.com.br\/fotodecasamento\/?s={search_term_string}\"},\"query-input\":{\"@type\":\"PropertyValueSpecification\",\"valueRequired\":true,\"valueName\":\"search_term_string\"}}],\"inLanguage\":\"pt-BR\"},{\"@type\":\"Organization\",\"@id\":\"https:\/\/lorando.com.br\/fotodecasamento\/#organization\",\"name\":\"Fot\u00f3grafo de Casamento RJ - Lorando Labbe\",\"url\":\"https:\/\/lorando.com.br\/fotodecasamento\/\",\"logo\":{\"@type\":\"ImageObject\",\"inLanguage\":\"pt-BR\",\"@id\":\"https:\/\/lorando.com.br\/fotodecasamento\/#\/schema\/logo\/image\/\",\"url\":\"https:\/\/lorando.com.br\/fotodecasamento\/wp-content\/uploads\/sites\/2\/2020\/08\/cropped-Logo-Site-Retangular-01.png\",\"contentUrl\":\"https:\/\/lorando.com.br\/fotodecasamento\/wp-content\/uploads\/sites\/2\/2020\/08\/cropped-Logo-Site-Retangular-01.png\",\"width\":1140,\"height\":423,\"caption\":\"Fot\u00f3grafo de Casamento RJ - Lorando Labbe\"},\"image\":{\"@id\":\"https:\/\/lorando.com.br\/fotodecasamento\/#\/schema\/logo\/image\/\"},\"sameAs\":[\"https:\/\/www.facebook.com\/LorandoLabbe\",\"https:\/\/www.instagram.com\/lorando.fotodecasamento\/\"]}]}<\/script>\n<!-- \/ Yoast SEO plugin. -->","yoast_head_json":{"title":"Casamento de Melissa e Jo\u00e3o - Fot\u00f3grafo de Casamento RJ - Lorando Labbe","description":"\u00c1lbum de casamento de Melissa e Jo\u00e3o. Fot\u00f3grafo de casamento - Lorando Labbe - Rio de Janeiro","robots":{"index":"index","follow":"follow","max-snippet":"max-snippet:-1","max-image-preview":"max-image-preview:large","max-video-preview":"max-video-preview:-1"},"canonical":"https:\/\/lorando.com.br\/fotodecasamento\/album\/casamento-de-melissa-e-joao\/","og_locale":"pt_BR","og_type":"article","og_title":"Casamento de Melissa e Jo\u00e3o - Fot\u00f3grafo de Casamento RJ - Lorando Labbe","og_description":"\u00c1lbum de casamento de Melissa e Jo\u00e3o. Fot\u00f3grafo de casamento - Lorando Labbe - Rio de Janeiro","og_url":"https:\/\/lorando.com.br\/fotodecasamento\/album\/casamento-de-melissa-e-joao\/","og_site_name":"Fot\u00f3grafo de Casamento RJ - Lorando Labbe","article_publisher":"https:\/\/www.facebook.com\/LorandoLabbe","article_modified_time":"2020-02-03T16:39:13+00:00","twitter_card":"summary_large_image","schema":{"@context":"https:\/\/schema.org","@graph":[{"@type":"WebPage","@id":"https:\/\/lorando.com.br\/fotodecasamento\/album\/casamento-de-melissa-e-joao\/","url":"https:\/\/lorando.com.br\/fotodecasamento\/album\/casamento-de-melissa-e-joao\/","name":"Casamento de Melissa e Jo\u00e3o - Fot\u00f3grafo de Casamento RJ - Lorando Labbe","isPartOf":{"@id":"https:\/\/lorando.com.br\/fotodecasamento\/#website"},"datePublished":"2020-02-03T16:37:49+00:00","dateModified":"2020-02-03T16:39:13+00:00","breadcrumb":{"@id":"https:\/\/lorando.com.br\/fotodecasamento\/album\/casamento-de-melissa-e-joao\/#breadcrumb"},"inLanguage":"pt-BR"},{"@type":"WebSite","@id":"https:\/\/lorando.com.br\/fotodecasamento\/#website","url":"https:\/\/lorando.com.br\/fotodecasamento\/","name":"Fot\u00f3grafo de Casamento RJ - Lorando Labbe","description":"S\u00f3 mais um site Lorando Labbe - Fot\u00f3grafo RJ - Websites","publisher":{"@id":"https:\/\/lorando.com.br\/fotodecasamento\/#organization"},"potentialAction":[{"@type":"SearchAction","target":{"@type":"EntryPoint","urlTemplate":"https:\/\/lorando.com.br\/fotodecasamento\/?s={search_term_string}"},"query-input":{"@type":"PropertyValueSpecification","valueRequired":true,"valueName":"search_term_string"}}],"inLanguage":"pt-BR"},{"@type":"Organization","@id":"https:\/\/lorando.com.br\/fotodecasamento\/#organization","name":"Fot\u00f3grafo de Casamento RJ - Lorando Labbe","url":"https:\/\/lorando.com.br\/fotodecasamento\/","logo":{"@type":"ImageObject","inLanguage":"pt-BR","@id":"https:\/\/lorando.com.br\/fotodecasamento\/#\/schema\/logo\/image\/","url":"https:\/\/lorando.com.br\/fotodecasamento\/wp-content\/uploads\/sites\/2\/2020\/08\/cropped-Logo-Site-Retangular-01.png","contentUrl":"https:\/\/lorando.com.br\/fotodecasamento\/wp-content\/uploads\/sites\/2\/2020\/08\/cropped-Logo-Site-Retangular-01.png","width":1140,"height":423,"caption":"Fot\u00f3grafo de Casamento RJ - Lorando Labbe"},"image":{"@id":"https:\/\/lorando.com.br\/fotodecasamento\/#\/schema\/logo\/image\/"},"sameAs":["https:\/\/www.facebook.com\/LorandoLabbe","https:\/\/www.instagram.com\/lorando.fotodecasamento\/"]}]}},"_links":{"self":[{"href":"https:\/\/lorando.com.br\/fotodecasamento\/wp-json\/wp\/v2\/album\/8627","targetHints":{"allow":["GET"]}}],"collection":[{"href":"https:\/\/lorando.com.br\/fotodecasamento\/wp-json\/wp\/v2\/album"}],"about":[{"href":"https:\/\/lorando.com.br\/fotodecasamento\/wp-json\/wp\/v2\/types\/album"}],"replies":[{"embeddable":true,"href":"https:\/\/lorando.com.br\/fotodecasamento\/wp-json\/wp\/v2\/comments?post=8627"}],"wp:featuredmedia":[{"embeddable":true,"href":"https:\/\/lorando.com.br\/fotodecasamento\/wp-json\/wp\/v2\/media\/8628"}],"wp:attachment":[{"href":"https:\/\/lorando.com.br\/fotodecasamento\/wp-json\/wp\/v2\/media?parent=8627"}],"wp:term":[{"taxonomy":"genre","embeddable":true,"href":"https:\/\/lorando.com.br\/fotodecasamento\/wp-json\/wp\/v2\/genre?post=8627"}],"curies":[{"name":"wp","href":"https:\/\/api.w.org\/{rel}","templated":true}]}}