{"id":134,"date":"2019-06-03T16:18:06","date_gmt":"2019-06-03T19:18:06","guid":{"rendered":"http:\/\/teste.lorando.com.br\/fotodecasamento\/?page_id=134"},"modified":"2019-06-03T16:18:06","modified_gmt":"2019-06-03T19:18:06","slug":"o-fotografo","status":"publish","type":"page","link":"https:\/\/lorando.com.br\/fotodecasamento\/o-fotografo\/","title":{"rendered":"O Fot\u00f3grafo"},"content":{"rendered":"\t\t<div data-elementor-type=\"wp-page\" data-elementor-id=\"134\" class=\"elementor elementor-134\">\n\t\t\t\t\t\t<section class=\"elementor-section elementor-top-section elementor-element elementor-element-54f5a29d elementor-section-boxed elementor-section-height-default elementor-section-height-default\" data-id=\"54f5a29d\" data-element_type=\"section\">\n\t\t\t\t\t\t<div class=\"elementor-container elementor-column-gap-default\">\n\t\t\t\t\t<div class=\"elementor-column elementor-col-50 elementor-top-column elementor-element elementor-element-5739d89e\" data-id=\"5739d89e\" data-element_type=\"column\">\n\t\t\t<div class=\"elementor-widget-wrap elementor-element-populated\">\n\t\t\t\t\t\t<div class=\"elementor-element elementor-element-1011fc55 elementor-widget elementor-widget-text-editor\" data-id=\"1011fc55\" data-element_type=\"widget\" data-widget_type=\"text-editor.default\">\n\t\t\t\t<div class=\"elementor-widget-container\">\n\t\t\t\t\t\t\t\t\t<h4>O Fot\u00f3grafo<\/h4><p>A fotografia \u00e9 uma arte e o fot\u00f3grafo de casamento deve trat\u00e1-la como tal, n\u00e3o somente congelar momentos. O fot\u00f3grafo de eventos n\u00e3o deve se limitar apenas a meros registros, ele deve transmitir a emo\u00e7\u00e3o do evento em suas fotografias.<\/p><p>A fotografia surgiu como um hobby em minha vida. Ap\u00f3s alguns milhares de cliques e anos me especializando e aperfei\u00e7oando nessa arte, tomei a decis\u00e3o de adot\u00e1-la como profiss\u00e3o.<\/p><p>\u00c9 uma honra ser escolhido pelo meu cliente para registrar os momentos mais importantes de sua vida. A confian\u00e7a que me \u00e9 depositada, serve de est\u00edmulo para aperfei\u00e7oar cada vez mais a minha arte.<br \/><br \/><img decoding=\"async\" class=\"alignnone  wp-image-133 lazyload\" data-src=\"http:\/\/teste.lorando.com.br\/fotodecasamento\/wp-content\/uploads\/sites\/2\/2019\/06\/assinatura.png\" alt=\"\" width=\"152\" height=\"84\" src=\"data:image\/gif;base64,R0lGODlhAQABAAAAACH5BAEKAAEALAAAAAABAAEAAAICTAEAOw==\" style=\"--smush-placeholder-width: 152px; --smush-placeholder-aspect-ratio: 152\/84;\" \/><\/p>\t\t\t\t\t\t\t\t<\/div>\n\t\t\t\t<\/div>\n\t\t\t\t\t<\/div>\n\t\t<\/div>\n\t\t\t\t<div class=\"elementor-column elementor-col-50 elementor-top-column elementor-element elementor-element-c877fe6\" data-id=\"c877fe6\" data-element_type=\"column\">\n\t\t\t<div class=\"elementor-widget-wrap elementor-element-populated\">\n\t\t\t\t\t\t<div class=\"elementor-element elementor-element-a7aed08 elementor-widget elementor-widget-image\" data-id=\"a7aed08\" data-element_type=\"widget\" data-widget_type=\"image.default\">\n\t\t\t\t<div class=\"elementor-widget-container\">\n\t\t\t\t\t\t\t\t\t\t\t\t\t\t\t<img decoding=\"async\" data-src=\"http:\/\/teste.lorando.com.br\/fotodecasamento\/wp-content\/uploads\/sites\/2\/2019\/06\/o-fotografo-214x300.jpg\" title=\"\" alt=\"\" src=\"data:image\/gif;base64,R0lGODlhAQABAAAAACH5BAEKAAEALAAAAAABAAEAAAICTAEAOw==\" class=\"lazyload\" style=\"--smush-placeholder-width: 214px; --smush-placeholder-aspect-ratio: 214\/300;\" \/>\t\t\t\t\t\t\t\t\t\t\t\t\t\t\t<\/div>\n\t\t\t\t<\/div>\n\t\t\t\t\t<\/div>\n\t\t<\/div>\n\t\t\t\t\t<\/div>\n\t\t<\/section>\n\t\t\t\t<\/div>\n\t\t","protected":false},"excerpt":{"rendered":"<p>O Fot\u00f3grafo A fotografia \u00e9 uma arte e o fot\u00f3grafo de casamento deve trat\u00e1-la como tal, n\u00e3o somente congelar momentos. O fot\u00f3grafo de eventos n\u00e3o deve se limitar apenas a&hellip;<\/p>\n<p> <a class=\"more-link\" href=\"https:\/\/lorando.com.br\/fotodecasamento\/o-fotografo\/\">Leia mais<\/a><\/p>\n","protected":false},"author":1,"featured_media":33,"parent":0,"menu_order":0,"comment_status":"closed","ping_status":"closed","template":"","meta":{"_monsterinsights_skip_tracking":false,"_monsterinsights_sitenote_active":false,"_monsterinsights_sitenote_note":"","_monsterinsights_sitenote_category":0,"footnotes":""},"class_list":["post-134","page","type-page","status-publish","has-post-thumbnail"],"yoast_head":"<!-- This site is optimized with the Yoast SEO plugin v25.3 - https:\/\/yoast.com\/wordpress\/plugins\/seo\/ -->\n<title>O Fot\u00f3grafo - Fot\u00f3grafo de Casamento RJ - Lorando Labbe<\/title>\n<meta name=\"robots\" content=\"index, follow, max-snippet:-1, max-image-preview:large, max-video-preview:-1\" \/>\n<link rel=\"canonical\" href=\"https:\/\/lorando.com.br\/fotodecasamento\/o-fotografo\/\" \/>\n<meta property=\"og:locale\" content=\"pt_BR\" \/>\n<meta property=\"og:type\" content=\"article\" \/>\n<meta property=\"og:title\" content=\"O Fot\u00f3grafo - Fot\u00f3grafo de Casamento RJ - Lorando Labbe\" \/>\n<meta property=\"og:description\" content=\"O Fot\u00f3grafo A fotografia \u00e9 uma arte e o fot\u00f3grafo de casamento deve trat\u00e1-la como tal, n\u00e3o somente congelar momentos. O fot\u00f3grafo de eventos n\u00e3o deve se limitar apenas a&hellip;  Leia mais\" \/>\n<meta property=\"og:url\" content=\"https:\/\/lorando.com.br\/fotodecasamento\/o-fotografo\/\" \/>\n<meta property=\"og:site_name\" content=\"Fot\u00f3grafo de Casamento RJ - Lorando Labbe\" \/>\n<meta property=\"article:publisher\" content=\"https:\/\/www.facebook.com\/LorandoLabbe\" \/>\n<meta property=\"og:image\" content=\"https:\/\/lorando.com.br\/fotodecasamento\/wp-content\/uploads\/sites\/2\/2019\/12\/lorando-fotografo-de-casamento-cover.jpg\" \/>\n\t<meta property=\"og:image:width\" content=\"1200\" \/>\n\t<meta property=\"og:image:height\" content=\"800\" \/>\n\t<meta property=\"og:image:type\" content=\"image\/jpeg\" \/>\n<meta name=\"twitter:card\" content=\"summary_large_image\" \/>\n<meta name=\"twitter:label1\" content=\"Est. tempo de leitura\" \/>\n\t<meta name=\"twitter:data1\" content=\"1 minuto\" \/>\n<script type=\"application\/ld+json\" class=\"yoast-schema-graph\">{\"@context\":\"https:\/\/schema.org\",\"@graph\":[{\"@type\":\"WebPage\",\"@id\":\"https:\/\/lorando.com.br\/fotodecasamento\/o-fotografo\/\",\"url\":\"https:\/\/lorando.com.br\/fotodecasamento\/o-fotografo\/\",\"name\":\"O Fot\u00f3grafo - Fot\u00f3grafo de Casamento RJ - Lorando Labbe\",\"isPartOf\":{\"@id\":\"https:\/\/lorando.com.br\/fotodecasamento\/#website\"},\"primaryImageOfPage\":{\"@id\":\"https:\/\/lorando.com.br\/fotodecasamento\/o-fotografo\/#primaryimage\"},\"image\":{\"@id\":\"https:\/\/lorando.com.br\/fotodecasamento\/o-fotografo\/#primaryimage\"},\"thumbnailUrl\":\"\",\"datePublished\":\"2019-06-03T19:18:06+00:00\",\"breadcrumb\":{\"@id\":\"https:\/\/lorando.com.br\/fotodecasamento\/o-fotografo\/#breadcrumb\"},\"inLanguage\":\"pt-BR\",\"potentialAction\":[{\"@type\":\"ReadAction\",\"target\":[\"https:\/\/lorando.com.br\/fotodecasamento\/o-fotografo\/\"]}]},{\"@type\":\"ImageObject\",\"inLanguage\":\"pt-BR\",\"@id\":\"https:\/\/lorando.com.br\/fotodecasamento\/o-fotografo\/#primaryimage\",\"url\":\"\",\"contentUrl\":\"\"},{\"@type\":\"BreadcrumbList\",\"@id\":\"https:\/\/lorando.com.br\/fotodecasamento\/o-fotografo\/#breadcrumb\",\"itemListElement\":[{\"@type\":\"ListItem\",\"position\":1,\"name\":\"In\u00edcio\",\"item\":\"https:\/\/lorando.com.br\/fotodecasamento\/\"},{\"@type\":\"ListItem\",\"position\":2,\"name\":\"O Fot\u00f3grafo\"}]},{\"@type\":\"WebSite\",\"@id\":\"https:\/\/lorando.com.br\/fotodecasamento\/#website\",\"url\":\"https:\/\/lorando.com.br\/fotodecasamento\/\",\"name\":\"Fot\u00f3grafo de Casamento RJ - Lorando Labbe\",\"description\":\"S\u00f3 mais um site Lorando Labbe - Fot\u00f3grafo RJ - Websites\",\"publisher\":{\"@id\":\"https:\/\/lorando.com.br\/fotodecasamento\/#organization\"},\"potentialAction\":[{\"@type\":\"SearchAction\",\"target\":{\"@type\":\"EntryPoint\",\"urlTemplate\":\"https:\/\/lorando.com.br\/fotodecasamento\/?s={search_term_string}\"},\"query-input\":{\"@type\":\"PropertyValueSpecification\",\"valueRequired\":true,\"valueName\":\"search_term_string\"}}],\"inLanguage\":\"pt-BR\"},{\"@type\":\"Organization\",\"@id\":\"https:\/\/lorando.com.br\/fotodecasamento\/#organization\",\"name\":\"Fot\u00f3grafo de Casamento RJ - Lorando Labbe\",\"url\":\"https:\/\/lorando.com.br\/fotodecasamento\/\",\"logo\":{\"@type\":\"ImageObject\",\"inLanguage\":\"pt-BR\",\"@id\":\"https:\/\/lorando.com.br\/fotodecasamento\/#\/schema\/logo\/image\/\",\"url\":\"https:\/\/lorando.com.br\/fotodecasamento\/wp-content\/uploads\/sites\/2\/2020\/08\/cropped-Logo-Site-Retangular-01.png\",\"contentUrl\":\"https:\/\/lorando.com.br\/fotodecasamento\/wp-content\/uploads\/sites\/2\/2020\/08\/cropped-Logo-Site-Retangular-01.png\",\"width\":1140,\"height\":423,\"caption\":\"Fot\u00f3grafo de Casamento RJ - Lorando Labbe\"},\"image\":{\"@id\":\"https:\/\/lorando.com.br\/fotodecasamento\/#\/schema\/logo\/image\/\"},\"sameAs\":[\"https:\/\/www.facebook.com\/LorandoLabbe\",\"https:\/\/www.instagram.com\/lorando.fotodecasamento\/\"]}]}<\/script>\n<!-- \/ Yoast SEO plugin. -->","yoast_head_json":{"title":"O Fot\u00f3grafo - Fot\u00f3grafo de Casamento RJ - Lorando Labbe","robots":{"index":"index","follow":"follow","max-snippet":"max-snippet:-1","max-image-preview":"max-image-preview:large","max-video-preview":"max-video-preview:-1"},"canonical":"https:\/\/lorando.com.br\/fotodecasamento\/o-fotografo\/","og_locale":"pt_BR","og_type":"article","og_title":"O Fot\u00f3grafo - Fot\u00f3grafo de Casamento RJ - Lorando Labbe","og_description":"O Fot\u00f3grafo A fotografia \u00e9 uma arte e o fot\u00f3grafo de casamento deve trat\u00e1-la como tal, n\u00e3o somente congelar momentos. O fot\u00f3grafo de eventos n\u00e3o deve se limitar apenas a&hellip;  Leia mais","og_url":"https:\/\/lorando.com.br\/fotodecasamento\/o-fotografo\/","og_site_name":"Fot\u00f3grafo de Casamento RJ - Lorando Labbe","article_publisher":"https:\/\/www.facebook.com\/LorandoLabbe","og_image":[{"width":1200,"height":800,"url":"https:\/\/lorando.com.br\/fotodecasamento\/wp-content\/uploads\/sites\/2\/2019\/12\/lorando-fotografo-de-casamento-cover.jpg","type":"image\/jpeg"}],"twitter_card":"summary_large_image","twitter_misc":{"Est. tempo de leitura":"1 minuto"},"schema":{"@context":"https:\/\/schema.org","@graph":[{"@type":"WebPage","@id":"https:\/\/lorando.com.br\/fotodecasamento\/o-fotografo\/","url":"https:\/\/lorando.com.br\/fotodecasamento\/o-fotografo\/","name":"O Fot\u00f3grafo - Fot\u00f3grafo de Casamento RJ - Lorando Labbe","isPartOf":{"@id":"https:\/\/lorando.com.br\/fotodecasamento\/#website"},"primaryImageOfPage":{"@id":"https:\/\/lorando.com.br\/fotodecasamento\/o-fotografo\/#primaryimage"},"image":{"@id":"https:\/\/lorando.com.br\/fotodecasamento\/o-fotografo\/#primaryimage"},"thumbnailUrl":"","datePublished":"2019-06-03T19:18:06+00:00","breadcrumb":{"@id":"https:\/\/lorando.com.br\/fotodecasamento\/o-fotografo\/#breadcrumb"},"inLanguage":"pt-BR","potentialAction":[{"@type":"ReadAction","target":["https:\/\/lorando.com.br\/fotodecasamento\/o-fotografo\/"]}]},{"@type":"ImageObject","inLanguage":"pt-BR","@id":"https:\/\/lorando.com.br\/fotodecasamento\/o-fotografo\/#primaryimage","url":"","contentUrl":""},{"@type":"BreadcrumbList","@id":"https:\/\/lorando.com.br\/fotodecasamento\/o-fotografo\/#breadcrumb","itemListElement":[{"@type":"ListItem","position":1,"name":"In\u00edcio","item":"https:\/\/lorando.com.br\/fotodecasamento\/"},{"@type":"ListItem","position":2,"name":"O Fot\u00f3grafo"}]},{"@type":"WebSite","@id":"https:\/\/lorando.com.br\/fotodecasamento\/#website","url":"https:\/\/lorando.com.br\/fotodecasamento\/","name":"Fot\u00f3grafo de Casamento RJ - Lorando Labbe","description":"S\u00f3 mais um site Lorando Labbe - Fot\u00f3grafo RJ - Websites","publisher":{"@id":"https:\/\/lorando.com.br\/fotodecasamento\/#organization"},"potentialAction":[{"@type":"SearchAction","target":{"@type":"EntryPoint","urlTemplate":"https:\/\/lorando.com.br\/fotodecasamento\/?s={search_term_string}"},"query-input":{"@type":"PropertyValueSpecification","valueRequired":true,"valueName":"search_term_string"}}],"inLanguage":"pt-BR"},{"@type":"Organization","@id":"https:\/\/lorando.com.br\/fotodecasamento\/#organization","name":"Fot\u00f3grafo de Casamento RJ - Lorando Labbe","url":"https:\/\/lorando.com.br\/fotodecasamento\/","logo":{"@type":"ImageObject","inLanguage":"pt-BR","@id":"https:\/\/lorando.com.br\/fotodecasamento\/#\/schema\/logo\/image\/","url":"https:\/\/lorando.com.br\/fotodecasamento\/wp-content\/uploads\/sites\/2\/2020\/08\/cropped-Logo-Site-Retangular-01.png","contentUrl":"https:\/\/lorando.com.br\/fotodecasamento\/wp-content\/uploads\/sites\/2\/2020\/08\/cropped-Logo-Site-Retangular-01.png","width":1140,"height":423,"caption":"Fot\u00f3grafo de Casamento RJ - Lorando Labbe"},"image":{"@id":"https:\/\/lorando.com.br\/fotodecasamento\/#\/schema\/logo\/image\/"},"sameAs":["https:\/\/www.facebook.com\/LorandoLabbe","https:\/\/www.instagram.com\/lorando.fotodecasamento\/"]}]}},"_links":{"self":[{"href":"https:\/\/lorando.com.br\/fotodecasamento\/wp-json\/wp\/v2\/pages\/134","targetHints":{"allow":["GET"]}}],"collection":[{"href":"https:\/\/lorando.com.br\/fotodecasamento\/wp-json\/wp\/v2\/pages"}],"about":[{"href":"https:\/\/lorando.com.br\/fotodecasamento\/wp-json\/wp\/v2\/types\/page"}],"author":[{"embeddable":true,"href":"https:\/\/lorando.com.br\/fotodecasamento\/wp-json\/wp\/v2\/users\/1"}],"replies":[{"embeddable":true,"href":"https:\/\/lorando.com.br\/fotodecasamento\/wp-json\/wp\/v2\/comments?post=134"}],"version-history":[{"count":1,"href":"https:\/\/lorando.com.br\/fotodecasamento\/wp-json\/wp\/v2\/pages\/134\/revisions"}],"predecessor-version":[{"id":8961,"href":"https:\/\/lorando.com.br\/fotodecasamento\/wp-json\/wp\/v2\/pages\/134\/revisions\/8961"}],"wp:featuredmedia":[{"embeddable":true,"href":"https:\/\/lorando.com.br\/fotodecasamento\/wp-json\/"}],"wp:attachment":[{"href":"https:\/\/lorando.com.br\/fotodecasamento\/wp-json\/wp\/v2\/media?parent=134"}],"curies":[{"name":"wp","href":"https:\/\/api.w.org\/{rel}","templated":true}]}}