{"id":308,"date":"2022-06-22T23:43:32","date_gmt":"2022-06-23T02:43:32","guid":{"rendered":"http:\/\/lorando.com.br\/fotojornalismo\/?post_type=work&#038;p=308"},"modified":"2022-06-22T23:44:47","modified_gmt":"2022-06-23T02:44:47","slug":"show-do-roupa-nova-40-anos","status":"publish","type":"work","link":"https:\/\/lorando.com.br\/fotojornalismo\/foto\/show-do-roupa-nova-40-anos\/","title":{"rendered":"Show do Roupa Nova &#8211; 40 Anos"},"content":{"rendered":"<p>Grava\u00e7\u00e3o do DVD comemorativo de 40 anos de carreira da banda Roupa Nova<br \/>\nRealizado no Jeunesse Arena<\/p>\n","protected":false},"excerpt":{"rendered":"<p>Grava\u00e7\u00e3o do DVD comemorativo de 40 anos de carreira da banda Roupa Nova Realizado no Jeunesse Arena<\/p>\n","protected":false},"featured_media":312,"comment_status":"open","ping_status":"closed","template":"","work_genre":[8],"class_list":{"0":"post-308","1":"work","2":"type-work","3":"status-publish","4":"has-post-thumbnail","6":"work_genre-shows"},"yoast_head":"<!-- This site is optimized with the Yoast SEO plugin v25.3 - https:\/\/yoast.com\/wordpress\/plugins\/seo\/ -->\n<title>Show do Roupa Nova - 40 Anos - Fotojornalismo - Lorando Labbe<\/title>\n<meta name=\"description\" content=\"Grava\u00e7\u00e3o do DVD comemorativo de 40 anos de carreira do grupo Roupa Nova.O grupo Roupa Nova se apresentou na noite deste s\u00e1bado (18), na Barra da Tijuca.\" \/>\n<meta name=\"robots\" content=\"index, follow, max-snippet:-1, max-image-preview:large, max-video-preview:-1\" \/>\n<link rel=\"canonical\" href=\"https:\/\/lorando.com.br\/fotojornalismo\/foto\/show-do-roupa-nova-40-anos\/\" \/>\n<meta property=\"og:locale\" content=\"pt_BR\" \/>\n<meta property=\"og:type\" content=\"article\" \/>\n<meta property=\"og:title\" content=\"Show do Roupa Nova - 40 Anos - Fotojornalismo - Lorando Labbe\" \/>\n<meta property=\"og:description\" content=\"Grava\u00e7\u00e3o do DVD comemorativo de 40 anos de carreira do grupo Roupa Nova.O grupo Roupa Nova se apresentou na noite deste s\u00e1bado (18), na Barra da Tijuca.\" \/>\n<meta property=\"og:url\" content=\"https:\/\/lorando.com.br\/fotojornalismo\/foto\/show-do-roupa-nova-40-anos\/\" \/>\n<meta property=\"og:site_name\" content=\"Fotojornalismo - Lorando Labbe\" \/>\n<meta property=\"article:modified_time\" content=\"2022-06-23T02:44:47+00:00\" \/>\n<meta property=\"og:image\" content=\"https:\/\/lorando.com.br\/fotojornalismo\/wp-content\/uploads\/sites\/4\/2022\/06\/Lorando-Fotojornalismo-SHOW-ROUPANOVA_118.jpg\" \/>\n\t<meta property=\"og:image:width\" content=\"1200\" \/>\n\t<meta property=\"og:image:height\" content=\"800\" \/>\n\t<meta property=\"og:image:type\" content=\"image\/jpeg\" \/>\n<meta name=\"twitter:card\" content=\"summary_large_image\" \/>\n<meta name=\"twitter:label1\" content=\"Est. tempo de leitura\" \/>\n\t<meta name=\"twitter:data1\" content=\"1 minuto\" \/>\n<script type=\"application\/ld+json\" class=\"yoast-schema-graph\">{\"@context\":\"https:\/\/schema.org\",\"@graph\":[{\"@type\":\"WebPage\",\"@id\":\"https:\/\/lorando.com.br\/fotojornalismo\/foto\/show-do-roupa-nova-40-anos\/\",\"url\":\"https:\/\/lorando.com.br\/fotojornalismo\/foto\/show-do-roupa-nova-40-anos\/\",\"name\":\"Show do Roupa Nova - 40 Anos - Fotojornalismo - Lorando Labbe\",\"isPartOf\":{\"@id\":\"http:\/\/lorando.com.br\/fotojornalismo\/#website\"},\"primaryImageOfPage\":{\"@id\":\"https:\/\/lorando.com.br\/fotojornalismo\/foto\/show-do-roupa-nova-40-anos\/#primaryimage\"},\"image\":{\"@id\":\"https:\/\/lorando.com.br\/fotojornalismo\/foto\/show-do-roupa-nova-40-anos\/#primaryimage\"},\"thumbnailUrl\":\"https:\/\/lorando.com.br\/fotojornalismo\/wp-content\/uploads\/sites\/4\/2022\/06\/Lorando-Fotojornalismo-SHOW-ROUPANOVA_118.jpg\",\"datePublished\":\"2022-06-23T02:43:32+00:00\",\"dateModified\":\"2022-06-23T02:44:47+00:00\",\"description\":\"Grava\u00e7\u00e3o do DVD comemorativo de 40 anos de carreira do grupo Roupa Nova.O grupo Roupa Nova se apresentou na noite deste s\u00e1bado (18), na Barra da Tijuca.\",\"breadcrumb\":{\"@id\":\"https:\/\/lorando.com.br\/fotojornalismo\/foto\/show-do-roupa-nova-40-anos\/#breadcrumb\"},\"inLanguage\":\"pt-BR\",\"potentialAction\":[{\"@type\":\"ReadAction\",\"target\":[\"https:\/\/lorando.com.br\/fotojornalismo\/foto\/show-do-roupa-nova-40-anos\/\"]}]},{\"@type\":\"ImageObject\",\"inLanguage\":\"pt-BR\",\"@id\":\"https:\/\/lorando.com.br\/fotojornalismo\/foto\/show-do-roupa-nova-40-anos\/#primaryimage\",\"url\":\"https:\/\/lorando.com.br\/fotojornalismo\/wp-content\/uploads\/sites\/4\/2022\/06\/Lorando-Fotojornalismo-SHOW-ROUPANOVA_118.jpg\",\"contentUrl\":\"https:\/\/lorando.com.br\/fotojornalismo\/wp-content\/uploads\/sites\/4\/2022\/06\/Lorando-Fotojornalismo-SHOW-ROUPANOVA_118.jpg\",\"width\":1200,\"height\":800,\"caption\":\"DESCRICAO DA PAUTA\"},{\"@type\":\"BreadcrumbList\",\"@id\":\"https:\/\/lorando.com.br\/fotojornalismo\/foto\/show-do-roupa-nova-40-anos\/#breadcrumb\",\"itemListElement\":[{\"@type\":\"ListItem\",\"position\":1,\"name\":\"In\u00edcio\",\"item\":\"http:\/\/lorando.com.br\/fotojornalismo\/\"},{\"@type\":\"ListItem\",\"position\":2,\"name\":\"Show do Roupa Nova &#8211; 40 Anos\"}]},{\"@type\":\"WebSite\",\"@id\":\"http:\/\/lorando.com.br\/fotojornalismo\/#website\",\"url\":\"http:\/\/lorando.com.br\/fotojornalismo\/\",\"name\":\"Fotojornalismo - Lorando Labbe\",\"description\":\"Website de trabalhos de fotojornalismo do fot\u00f3grafo carioca Lorando Labbe\",\"publisher\":{\"@id\":\"http:\/\/lorando.com.br\/fotojornalismo\/#organization\"},\"potentialAction\":[{\"@type\":\"SearchAction\",\"target\":{\"@type\":\"EntryPoint\",\"urlTemplate\":\"http:\/\/lorando.com.br\/fotojornalismo\/?s={search_term_string}\"},\"query-input\":{\"@type\":\"PropertyValueSpecification\",\"valueRequired\":true,\"valueName\":\"search_term_string\"}}],\"inLanguage\":\"pt-BR\"},{\"@type\":\"Organization\",\"@id\":\"http:\/\/lorando.com.br\/fotojornalismo\/#organization\",\"name\":\"Fotojornalismo - Lorando Labbe\",\"url\":\"http:\/\/lorando.com.br\/fotojornalismo\/\",\"logo\":{\"@type\":\"ImageObject\",\"inLanguage\":\"pt-BR\",\"@id\":\"http:\/\/lorando.com.br\/fotojornalismo\/#\/schema\/logo\/image\/\",\"url\":\"https:\/\/lorando.com.br\/fotojornalismo\/wp-content\/uploads\/sites\/4\/2020\/08\/cropped-Logo-Site-Retangular-01.png\",\"contentUrl\":\"https:\/\/lorando.com.br\/fotojornalismo\/wp-content\/uploads\/sites\/4\/2020\/08\/cropped-Logo-Site-Retangular-01.png\",\"width\":1140,\"height\":423,\"caption\":\"Fotojornalismo - Lorando Labbe\"},\"image\":{\"@id\":\"http:\/\/lorando.com.br\/fotojornalismo\/#\/schema\/logo\/image\/\"}}]}<\/script>\n<!-- \/ Yoast SEO plugin. -->","yoast_head_json":{"title":"Show do Roupa Nova - 40 Anos - Fotojornalismo - Lorando Labbe","description":"Grava\u00e7\u00e3o do DVD comemorativo de 40 anos de carreira do grupo Roupa Nova.O grupo Roupa Nova se apresentou na noite deste s\u00e1bado (18), na Barra da Tijuca.","robots":{"index":"index","follow":"follow","max-snippet":"max-snippet:-1","max-image-preview":"max-image-preview:large","max-video-preview":"max-video-preview:-1"},"canonical":"https:\/\/lorando.com.br\/fotojornalismo\/foto\/show-do-roupa-nova-40-anos\/","og_locale":"pt_BR","og_type":"article","og_title":"Show do Roupa Nova - 40 Anos - Fotojornalismo - Lorando Labbe","og_description":"Grava\u00e7\u00e3o do DVD comemorativo de 40 anos de carreira do grupo Roupa Nova.O grupo Roupa Nova se apresentou na noite deste s\u00e1bado (18), na Barra da Tijuca.","og_url":"https:\/\/lorando.com.br\/fotojornalismo\/foto\/show-do-roupa-nova-40-anos\/","og_site_name":"Fotojornalismo - Lorando Labbe","article_modified_time":"2022-06-23T02:44:47+00:00","og_image":[{"width":1200,"height":800,"url":"https:\/\/lorando.com.br\/fotojornalismo\/wp-content\/uploads\/sites\/4\/2022\/06\/Lorando-Fotojornalismo-SHOW-ROUPANOVA_118.jpg","type":"image\/jpeg"}],"twitter_card":"summary_large_image","twitter_misc":{"Est. tempo de leitura":"1 minuto"},"schema":{"@context":"https:\/\/schema.org","@graph":[{"@type":"WebPage","@id":"https:\/\/lorando.com.br\/fotojornalismo\/foto\/show-do-roupa-nova-40-anos\/","url":"https:\/\/lorando.com.br\/fotojornalismo\/foto\/show-do-roupa-nova-40-anos\/","name":"Show do Roupa Nova - 40 Anos - Fotojornalismo - Lorando Labbe","isPartOf":{"@id":"http:\/\/lorando.com.br\/fotojornalismo\/#website"},"primaryImageOfPage":{"@id":"https:\/\/lorando.com.br\/fotojornalismo\/foto\/show-do-roupa-nova-40-anos\/#primaryimage"},"image":{"@id":"https:\/\/lorando.com.br\/fotojornalismo\/foto\/show-do-roupa-nova-40-anos\/#primaryimage"},"thumbnailUrl":"https:\/\/lorando.com.br\/fotojornalismo\/wp-content\/uploads\/sites\/4\/2022\/06\/Lorando-Fotojornalismo-SHOW-ROUPANOVA_118.jpg","datePublished":"2022-06-23T02:43:32+00:00","dateModified":"2022-06-23T02:44:47+00:00","description":"Grava\u00e7\u00e3o do DVD comemorativo de 40 anos de carreira do grupo Roupa Nova.O grupo Roupa Nova se apresentou na noite deste s\u00e1bado (18), na Barra da Tijuca.","breadcrumb":{"@id":"https:\/\/lorando.com.br\/fotojornalismo\/foto\/show-do-roupa-nova-40-anos\/#breadcrumb"},"inLanguage":"pt-BR","potentialAction":[{"@type":"ReadAction","target":["https:\/\/lorando.com.br\/fotojornalismo\/foto\/show-do-roupa-nova-40-anos\/"]}]},{"@type":"ImageObject","inLanguage":"pt-BR","@id":"https:\/\/lorando.com.br\/fotojornalismo\/foto\/show-do-roupa-nova-40-anos\/#primaryimage","url":"https:\/\/lorando.com.br\/fotojornalismo\/wp-content\/uploads\/sites\/4\/2022\/06\/Lorando-Fotojornalismo-SHOW-ROUPANOVA_118.jpg","contentUrl":"https:\/\/lorando.com.br\/fotojornalismo\/wp-content\/uploads\/sites\/4\/2022\/06\/Lorando-Fotojornalismo-SHOW-ROUPANOVA_118.jpg","width":1200,"height":800,"caption":"DESCRICAO DA PAUTA"},{"@type":"BreadcrumbList","@id":"https:\/\/lorando.com.br\/fotojornalismo\/foto\/show-do-roupa-nova-40-anos\/#breadcrumb","itemListElement":[{"@type":"ListItem","position":1,"name":"In\u00edcio","item":"http:\/\/lorando.com.br\/fotojornalismo\/"},{"@type":"ListItem","position":2,"name":"Show do Roupa Nova &#8211; 40 Anos"}]},{"@type":"WebSite","@id":"http:\/\/lorando.com.br\/fotojornalismo\/#website","url":"http:\/\/lorando.com.br\/fotojornalismo\/","name":"Fotojornalismo - Lorando Labbe","description":"Website de trabalhos de fotojornalismo do fot\u00f3grafo carioca Lorando Labbe","publisher":{"@id":"http:\/\/lorando.com.br\/fotojornalismo\/#organization"},"potentialAction":[{"@type":"SearchAction","target":{"@type":"EntryPoint","urlTemplate":"http:\/\/lorando.com.br\/fotojornalismo\/?s={search_term_string}"},"query-input":{"@type":"PropertyValueSpecification","valueRequired":true,"valueName":"search_term_string"}}],"inLanguage":"pt-BR"},{"@type":"Organization","@id":"http:\/\/lorando.com.br\/fotojornalismo\/#organization","name":"Fotojornalismo - Lorando Labbe","url":"http:\/\/lorando.com.br\/fotojornalismo\/","logo":{"@type":"ImageObject","inLanguage":"pt-BR","@id":"http:\/\/lorando.com.br\/fotojornalismo\/#\/schema\/logo\/image\/","url":"https:\/\/lorando.com.br\/fotojornalismo\/wp-content\/uploads\/sites\/4\/2020\/08\/cropped-Logo-Site-Retangular-01.png","contentUrl":"https:\/\/lorando.com.br\/fotojornalismo\/wp-content\/uploads\/sites\/4\/2020\/08\/cropped-Logo-Site-Retangular-01.png","width":1140,"height":423,"caption":"Fotojornalismo - Lorando Labbe"},"image":{"@id":"http:\/\/lorando.com.br\/fotojornalismo\/#\/schema\/logo\/image\/"}}]}},"_links":{"self":[{"href":"https:\/\/lorando.com.br\/fotojornalismo\/wp-json\/wp\/v2\/work\/308","targetHints":{"allow":["GET"]}}],"collection":[{"href":"https:\/\/lorando.com.br\/fotojornalismo\/wp-json\/wp\/v2\/work"}],"about":[{"href":"https:\/\/lorando.com.br\/fotojornalismo\/wp-json\/wp\/v2\/types\/work"}],"replies":[{"embeddable":true,"href":"https:\/\/lorando.com.br\/fotojornalismo\/wp-json\/wp\/v2\/comments?post=308"}],"wp:featuredmedia":[{"embeddable":true,"href":"https:\/\/lorando.com.br\/fotojornalismo\/wp-json\/wp\/v2\/media\/312"}],"wp:attachment":[{"href":"https:\/\/lorando.com.br\/fotojornalismo\/wp-json\/wp\/v2\/media?parent=308"}],"wp:term":[{"taxonomy":"work_genre","embeddable":true,"href":"https:\/\/lorando.com.br\/fotojornalismo\/wp-json\/wp\/v2\/work_genre?post=308"}],"curies":[{"name":"wp","href":"https:\/\/api.w.org\/{rel}","templated":true}]}}