{"id":355,"date":"2022-07-15T01:31:46","date_gmt":"2022-07-15T04:31:46","guid":{"rendered":"http:\/\/lorando.com.br\/fotojornalismo\/?post_type=work&#038;p=355"},"modified":"2022-10-23T09:37:03","modified_gmt":"2022-10-23T12:37:03","slug":"paulo-ricardo-radio-pirata-ao-vivo-35-anos","status":"publish","type":"work","link":"https:\/\/lorando.com.br\/fotojornalismo\/foto\/paulo-ricardo-radio-pirata-ao-vivo-35-anos\/","title":{"rendered":"Paulo Ricardo R\u00e1dio Pirata Ao Vivo 35 Anos"},"content":{"rendered":"<p>O cantor Paulo Ricardo apresentou, nesta quinta-feira (14) na Barra da Tijuca no Rio de Janeiro, o show &#8220;R\u00e1dio Pirata Ao Vivo 35 Anos&#8221;. A turn\u00ea \u00e9 uma comemora\u00e7\u00e3o dos 35 anos de lan\u00e7amento do disco &#8220;R\u00e1dio Pirata Ao Vivo&#8221;. O \u00e1lbum foi gravado em um show no Anhembi em SP, dirigido por Ney Matogrosso e \u00e9 um dos cinco discos mais vendidos no Brasil. O diretor da Rede Globo J.B.Oliveira, o Boninho e a apresentadora Ana Furtado prestigiaram o show.<\/p>\n","protected":false},"excerpt":{"rendered":"<p>O cantor Paulo Ricardo apresentou, nesta quinta-feira (14) na Barra da Tijuca no Rio de Janeiro, o show &#8220;R\u00e1dio Pirata Ao Vivo 35 Anos&#8221;. A turn\u00ea \u00e9&hellip;<\/p>\n<p> <a class=\"more-link\" href=\"https:\/\/lorando.com.br\/fotojornalismo\/foto\/paulo-ricardo-radio-pirata-ao-vivo-35-anos\/\">Leia mais<\/a><\/p>\n","protected":false},"featured_media":364,"comment_status":"open","ping_status":"closed","template":"","work_genre":[8],"class_list":{"0":"post-355","1":"work","2":"type-work","3":"status-publish","4":"has-post-thumbnail","6":"work_genre-shows"},"yoast_head":"<!-- This site is optimized with the Yoast SEO plugin v25.3 - https:\/\/yoast.com\/wordpress\/plugins\/seo\/ -->\n<title>Paulo Ricardo R\u00e1dio Pirata Ao Vivo 35 Anos - Fotojornalismo - Lorando Labbe<\/title>\n<meta name=\"description\" content=\"O cantor Paulo Ricardo apresentou, nesta quinta-feira (14) na Barra da Tijuca no Rio de Janeiro, o show &quot;R\u00e1dio Pirata Ao Vivo 35 Anos&quot;.\" \/>\n<meta name=\"robots\" content=\"index, follow, max-snippet:-1, max-image-preview:large, max-video-preview:-1\" \/>\n<link rel=\"canonical\" href=\"https:\/\/lorando.com.br\/fotojornalismo\/foto\/paulo-ricardo-radio-pirata-ao-vivo-35-anos\/\" \/>\n<meta property=\"og:locale\" content=\"pt_BR\" \/>\n<meta property=\"og:type\" content=\"article\" \/>\n<meta property=\"og:title\" content=\"Paulo Ricardo R\u00e1dio Pirata Ao Vivo 35 Anos - Fotojornalismo - Lorando Labbe\" \/>\n<meta property=\"og:description\" content=\"O cantor Paulo Ricardo apresentou, nesta quinta-feira (14) na Barra da Tijuca no Rio de Janeiro, o show &quot;R\u00e1dio Pirata Ao Vivo 35 Anos&quot;.\" \/>\n<meta property=\"og:url\" content=\"https:\/\/lorando.com.br\/fotojornalismo\/foto\/paulo-ricardo-radio-pirata-ao-vivo-35-anos\/\" \/>\n<meta property=\"og:site_name\" content=\"Fotojornalismo - Lorando Labbe\" \/>\n<meta property=\"article:modified_time\" content=\"2022-10-23T12:37:03+00:00\" \/>\n<meta property=\"og:image\" content=\"http:\/\/lorando.com.br\/fotojornalismo\/wp-content\/uploads\/sites\/4\/2022\/07\/Radio-Pirata-35-anos-76.jpg\" \/>\n\t<meta property=\"og:image:width\" content=\"1200\" \/>\n\t<meta property=\"og:image:height\" content=\"800\" \/>\n\t<meta property=\"og:image:type\" content=\"image\/jpeg\" \/>\n<meta name=\"twitter:card\" content=\"summary_large_image\" \/>\n<meta name=\"twitter:label1\" content=\"Est. tempo de leitura\" \/>\n\t<meta name=\"twitter:data1\" content=\"1 minuto\" \/>\n<script type=\"application\/ld+json\" class=\"yoast-schema-graph\">{\"@context\":\"https:\/\/schema.org\",\"@graph\":[{\"@type\":\"WebPage\",\"@id\":\"https:\/\/lorando.com.br\/fotojornalismo\/foto\/paulo-ricardo-radio-pirata-ao-vivo-35-anos\/\",\"url\":\"https:\/\/lorando.com.br\/fotojornalismo\/foto\/paulo-ricardo-radio-pirata-ao-vivo-35-anos\/\",\"name\":\"Paulo Ricardo R\u00e1dio Pirata Ao Vivo 35 Anos - Fotojornalismo - Lorando Labbe\",\"isPartOf\":{\"@id\":\"http:\/\/lorando.com.br\/fotojornalismo\/#website\"},\"primaryImageOfPage\":{\"@id\":\"https:\/\/lorando.com.br\/fotojornalismo\/foto\/paulo-ricardo-radio-pirata-ao-vivo-35-anos\/#primaryimage\"},\"image\":{\"@id\":\"https:\/\/lorando.com.br\/fotojornalismo\/foto\/paulo-ricardo-radio-pirata-ao-vivo-35-anos\/#primaryimage\"},\"thumbnailUrl\":\"https:\/\/lorando.com.br\/fotojornalismo\/wp-content\/uploads\/sites\/4\/2022\/07\/Radio-Pirata-35-anos-76.jpg\",\"datePublished\":\"2022-07-15T04:31:46+00:00\",\"dateModified\":\"2022-10-23T12:37:03+00:00\",\"description\":\"O cantor Paulo Ricardo apresentou, nesta quinta-feira (14) na Barra da Tijuca no Rio de Janeiro, o show \\\"R\u00e1dio Pirata Ao Vivo 35 Anos\\\".\",\"breadcrumb\":{\"@id\":\"https:\/\/lorando.com.br\/fotojornalismo\/foto\/paulo-ricardo-radio-pirata-ao-vivo-35-anos\/#breadcrumb\"},\"inLanguage\":\"pt-BR\",\"potentialAction\":[{\"@type\":\"ReadAction\",\"target\":[\"https:\/\/lorando.com.br\/fotojornalismo\/foto\/paulo-ricardo-radio-pirata-ao-vivo-35-anos\/\"]}]},{\"@type\":\"ImageObject\",\"inLanguage\":\"pt-BR\",\"@id\":\"https:\/\/lorando.com.br\/fotojornalismo\/foto\/paulo-ricardo-radio-pirata-ao-vivo-35-anos\/#primaryimage\",\"url\":\"https:\/\/lorando.com.br\/fotojornalismo\/wp-content\/uploads\/sites\/4\/2022\/07\/Radio-Pirata-35-anos-76.jpg\",\"contentUrl\":\"https:\/\/lorando.com.br\/fotojornalismo\/wp-content\/uploads\/sites\/4\/2022\/07\/Radio-Pirata-35-anos-76.jpg\",\"width\":1200,\"height\":800,\"caption\":\"O cantor Paulo Ricardo apresentou, nesta quinta-feira (14) na Barra da Tijuca no Rio de Janeiro, o show \\\"R\u00e1dio Pirata Ao Vivo 35 Anos\\\". A turn\u00ea \u00e9 uma comemora\u00e7\u00e3o dos 35 anos de lan\u00e7amento do disco \\\"R\u00e1dio Pirata Ao Vivo\\\". O \u00e1lbum foi gravado em um show no Anhembi em SP, dirigido por Ney Matogrosso e \u00e9 um dos cinco discos mais vendidos no Brasil. O diretor da Rede Globo J.B.Oliveira, o Boninho e a apresentadora Ana Furtado prestigiaram o show.\"},{\"@type\":\"BreadcrumbList\",\"@id\":\"https:\/\/lorando.com.br\/fotojornalismo\/foto\/paulo-ricardo-radio-pirata-ao-vivo-35-anos\/#breadcrumb\",\"itemListElement\":[{\"@type\":\"ListItem\",\"position\":1,\"name\":\"In\u00edcio\",\"item\":\"http:\/\/lorando.com.br\/fotojornalismo\/\"},{\"@type\":\"ListItem\",\"position\":2,\"name\":\"Paulo Ricardo R\u00e1dio Pirata Ao Vivo 35 Anos\"}]},{\"@type\":\"WebSite\",\"@id\":\"http:\/\/lorando.com.br\/fotojornalismo\/#website\",\"url\":\"http:\/\/lorando.com.br\/fotojornalismo\/\",\"name\":\"Fotojornalismo - Lorando Labbe\",\"description\":\"Website de trabalhos de fotojornalismo do fot\u00f3grafo carioca Lorando Labbe\",\"publisher\":{\"@id\":\"http:\/\/lorando.com.br\/fotojornalismo\/#organization\"},\"potentialAction\":[{\"@type\":\"SearchAction\",\"target\":{\"@type\":\"EntryPoint\",\"urlTemplate\":\"http:\/\/lorando.com.br\/fotojornalismo\/?s={search_term_string}\"},\"query-input\":{\"@type\":\"PropertyValueSpecification\",\"valueRequired\":true,\"valueName\":\"search_term_string\"}}],\"inLanguage\":\"pt-BR\"},{\"@type\":\"Organization\",\"@id\":\"http:\/\/lorando.com.br\/fotojornalismo\/#organization\",\"name\":\"Fotojornalismo - Lorando Labbe\",\"url\":\"http:\/\/lorando.com.br\/fotojornalismo\/\",\"logo\":{\"@type\":\"ImageObject\",\"inLanguage\":\"pt-BR\",\"@id\":\"http:\/\/lorando.com.br\/fotojornalismo\/#\/schema\/logo\/image\/\",\"url\":\"https:\/\/lorando.com.br\/fotojornalismo\/wp-content\/uploads\/sites\/4\/2020\/08\/cropped-Logo-Site-Retangular-01.png\",\"contentUrl\":\"https:\/\/lorando.com.br\/fotojornalismo\/wp-content\/uploads\/sites\/4\/2020\/08\/cropped-Logo-Site-Retangular-01.png\",\"width\":1140,\"height\":423,\"caption\":\"Fotojornalismo - Lorando Labbe\"},\"image\":{\"@id\":\"http:\/\/lorando.com.br\/fotojornalismo\/#\/schema\/logo\/image\/\"}}]}<\/script>\n<!-- \/ Yoast SEO plugin. -->","yoast_head_json":{"title":"Paulo Ricardo R\u00e1dio Pirata Ao Vivo 35 Anos - Fotojornalismo - Lorando Labbe","description":"O cantor Paulo Ricardo apresentou, nesta quinta-feira (14) na Barra da Tijuca no Rio de Janeiro, o show \"R\u00e1dio Pirata Ao Vivo 35 Anos\".","robots":{"index":"index","follow":"follow","max-snippet":"max-snippet:-1","max-image-preview":"max-image-preview:large","max-video-preview":"max-video-preview:-1"},"canonical":"https:\/\/lorando.com.br\/fotojornalismo\/foto\/paulo-ricardo-radio-pirata-ao-vivo-35-anos\/","og_locale":"pt_BR","og_type":"article","og_title":"Paulo Ricardo R\u00e1dio Pirata Ao Vivo 35 Anos - Fotojornalismo - Lorando Labbe","og_description":"O cantor Paulo Ricardo apresentou, nesta quinta-feira (14) na Barra da Tijuca no Rio de Janeiro, o show \"R\u00e1dio Pirata Ao Vivo 35 Anos\".","og_url":"https:\/\/lorando.com.br\/fotojornalismo\/foto\/paulo-ricardo-radio-pirata-ao-vivo-35-anos\/","og_site_name":"Fotojornalismo - Lorando Labbe","article_modified_time":"2022-10-23T12:37:03+00:00","og_image":[{"width":1200,"height":800,"url":"http:\/\/lorando.com.br\/fotojornalismo\/wp-content\/uploads\/sites\/4\/2022\/07\/Radio-Pirata-35-anos-76.jpg","type":"image\/jpeg"}],"twitter_card":"summary_large_image","twitter_misc":{"Est. tempo de leitura":"1 minuto"},"schema":{"@context":"https:\/\/schema.org","@graph":[{"@type":"WebPage","@id":"https:\/\/lorando.com.br\/fotojornalismo\/foto\/paulo-ricardo-radio-pirata-ao-vivo-35-anos\/","url":"https:\/\/lorando.com.br\/fotojornalismo\/foto\/paulo-ricardo-radio-pirata-ao-vivo-35-anos\/","name":"Paulo Ricardo R\u00e1dio Pirata Ao Vivo 35 Anos - Fotojornalismo - Lorando Labbe","isPartOf":{"@id":"http:\/\/lorando.com.br\/fotojornalismo\/#website"},"primaryImageOfPage":{"@id":"https:\/\/lorando.com.br\/fotojornalismo\/foto\/paulo-ricardo-radio-pirata-ao-vivo-35-anos\/#primaryimage"},"image":{"@id":"https:\/\/lorando.com.br\/fotojornalismo\/foto\/paulo-ricardo-radio-pirata-ao-vivo-35-anos\/#primaryimage"},"thumbnailUrl":"https:\/\/lorando.com.br\/fotojornalismo\/wp-content\/uploads\/sites\/4\/2022\/07\/Radio-Pirata-35-anos-76.jpg","datePublished":"2022-07-15T04:31:46+00:00","dateModified":"2022-10-23T12:37:03+00:00","description":"O cantor Paulo Ricardo apresentou, nesta quinta-feira (14) na Barra da Tijuca no Rio de Janeiro, o show \"R\u00e1dio Pirata Ao Vivo 35 Anos\".","breadcrumb":{"@id":"https:\/\/lorando.com.br\/fotojornalismo\/foto\/paulo-ricardo-radio-pirata-ao-vivo-35-anos\/#breadcrumb"},"inLanguage":"pt-BR","potentialAction":[{"@type":"ReadAction","target":["https:\/\/lorando.com.br\/fotojornalismo\/foto\/paulo-ricardo-radio-pirata-ao-vivo-35-anos\/"]}]},{"@type":"ImageObject","inLanguage":"pt-BR","@id":"https:\/\/lorando.com.br\/fotojornalismo\/foto\/paulo-ricardo-radio-pirata-ao-vivo-35-anos\/#primaryimage","url":"https:\/\/lorando.com.br\/fotojornalismo\/wp-content\/uploads\/sites\/4\/2022\/07\/Radio-Pirata-35-anos-76.jpg","contentUrl":"https:\/\/lorando.com.br\/fotojornalismo\/wp-content\/uploads\/sites\/4\/2022\/07\/Radio-Pirata-35-anos-76.jpg","width":1200,"height":800,"caption":"O cantor Paulo Ricardo apresentou, nesta quinta-feira (14) na Barra da Tijuca no Rio de Janeiro, o show \"R\u00e1dio Pirata Ao Vivo 35 Anos\". A turn\u00ea \u00e9 uma comemora\u00e7\u00e3o dos 35 anos de lan\u00e7amento do disco \"R\u00e1dio Pirata Ao Vivo\". O \u00e1lbum foi gravado em um show no Anhembi em SP, dirigido por Ney Matogrosso e \u00e9 um dos cinco discos mais vendidos no Brasil. O diretor da Rede Globo J.B.Oliveira, o Boninho e a apresentadora Ana Furtado prestigiaram o show."},{"@type":"BreadcrumbList","@id":"https:\/\/lorando.com.br\/fotojornalismo\/foto\/paulo-ricardo-radio-pirata-ao-vivo-35-anos\/#breadcrumb","itemListElement":[{"@type":"ListItem","position":1,"name":"In\u00edcio","item":"http:\/\/lorando.com.br\/fotojornalismo\/"},{"@type":"ListItem","position":2,"name":"Paulo Ricardo R\u00e1dio Pirata Ao Vivo 35 Anos"}]},{"@type":"WebSite","@id":"http:\/\/lorando.com.br\/fotojornalismo\/#website","url":"http:\/\/lorando.com.br\/fotojornalismo\/","name":"Fotojornalismo - Lorando Labbe","description":"Website de trabalhos de fotojornalismo do fot\u00f3grafo carioca Lorando Labbe","publisher":{"@id":"http:\/\/lorando.com.br\/fotojornalismo\/#organization"},"potentialAction":[{"@type":"SearchAction","target":{"@type":"EntryPoint","urlTemplate":"http:\/\/lorando.com.br\/fotojornalismo\/?s={search_term_string}"},"query-input":{"@type":"PropertyValueSpecification","valueRequired":true,"valueName":"search_term_string"}}],"inLanguage":"pt-BR"},{"@type":"Organization","@id":"http:\/\/lorando.com.br\/fotojornalismo\/#organization","name":"Fotojornalismo - Lorando Labbe","url":"http:\/\/lorando.com.br\/fotojornalismo\/","logo":{"@type":"ImageObject","inLanguage":"pt-BR","@id":"http:\/\/lorando.com.br\/fotojornalismo\/#\/schema\/logo\/image\/","url":"https:\/\/lorando.com.br\/fotojornalismo\/wp-content\/uploads\/sites\/4\/2020\/08\/cropped-Logo-Site-Retangular-01.png","contentUrl":"https:\/\/lorando.com.br\/fotojornalismo\/wp-content\/uploads\/sites\/4\/2020\/08\/cropped-Logo-Site-Retangular-01.png","width":1140,"height":423,"caption":"Fotojornalismo - Lorando Labbe"},"image":{"@id":"http:\/\/lorando.com.br\/fotojornalismo\/#\/schema\/logo\/image\/"}}]}},"_links":{"self":[{"href":"https:\/\/lorando.com.br\/fotojornalismo\/wp-json\/wp\/v2\/work\/355","targetHints":{"allow":["GET"]}}],"collection":[{"href":"https:\/\/lorando.com.br\/fotojornalismo\/wp-json\/wp\/v2\/work"}],"about":[{"href":"https:\/\/lorando.com.br\/fotojornalismo\/wp-json\/wp\/v2\/types\/work"}],"replies":[{"embeddable":true,"href":"https:\/\/lorando.com.br\/fotojornalismo\/wp-json\/wp\/v2\/comments?post=355"}],"wp:featuredmedia":[{"embeddable":true,"href":"https:\/\/lorando.com.br\/fotojornalismo\/wp-json\/wp\/v2\/media\/364"}],"wp:attachment":[{"href":"https:\/\/lorando.com.br\/fotojornalismo\/wp-json\/wp\/v2\/media?parent=355"}],"wp:term":[{"taxonomy":"work_genre","embeddable":true,"href":"https:\/\/lorando.com.br\/fotojornalismo\/wp-json\/wp\/v2\/work_genre?post=355"}],"curies":[{"name":"wp","href":"https:\/\/api.w.org\/{rel}","templated":true}]}}